{"id":206,"date":"2020-02-21T15:08:43","date_gmt":"2020-02-21T15:08:43","guid":{"rendered":"https:\/\/nayttelyt.arshame.com\/kohtuus2020\/?page_id=206"},"modified":"2020-07-03T13:26:18","modified_gmt":"2020-07-03T13:26:18","slug":"galleria","status":"publish","type":"page","link":"https:\/\/nayttelyt.arshame.com\/kohtuus2020\/en\/galleria\/","title":{"rendered":"Gallery"},"content":{"rendered":"<p style=\"text-align: center;\"><strong>PICTURES OF OPENING CEREMONY<\/strong><\/p>\n<style type=\"text\/css\">\n#foogallery-gallery-702.fg-simple_portfolio { justify-content: center; --fg-gutter: 40px; }\n#foogallery-gallery-702.fg-simple_portfolio .fg-item { flex-basis: 250px; }<\/style>\n\t\t\t<div class=\"foogallery foogallery-container foogallery-simple_portfolio foogallery-lightbox-foobox fg-simple_portfolio fg-ready fg-light fg-shadow-outline fg-loading-default fg-loaded-fade-in fg-caption-always fg-hover-fade fg-hover-zoom fg-caption-always\" id=\"foogallery-gallery-702\" data-foogallery=\"{&quot;item&quot;:{&quot;showCaptionTitle&quot;:true,&quot;showCaptionDescription&quot;:true},&quot;lazy&quot;:true}\" style=\"--fg-title-line-clamp: 0; --fg-description-line-clamp: 0;\" >\n\t<div class=\"fg-item fg-type-image fg-idle\"><figure class=\"fg-item-inner\"><a href=\"https:\/\/nayttelyt.arshame.com\/kohtuus2020\/wp-content\/uploads\/2020\/07\/Avajaiset_1.jpg\" data-caption-title=\"Tunnelmia avajaisista 27.6.\" data-attachment-id=\"703\" class=\"foogallery-thumb fg-thumb\" data-type=\"image\"><span class=\"fg-image-wrap\"><img fetchpriority=\"high\" decoding=\"async\" title=\"Tunnelmia avajaisista 27.6.\" class=\"bf-img skip-lazy fg-image\" height=\"250\" width=\"250\" data-src-fg=\"https:\/\/nayttelyt.arshame.com\/kohtuus2020\/wp-content\/uploads\/cache\/2020\/07\/Avajaiset_1\/1775022151.jpg\" src=\"data:image\/svg+xml,%3Csvg%20xmlns%3D%22http%3A%2F%2Fwww.w3.org%2F2000%2Fsvg%22%20width%3D%22250%22%20height%3D%22250%22%20viewBox%3D%220%200%20250%20250%22%3E%3C%2Fsvg%3E\" loading=\"eager\"><\/span><span class=\"fg-image-overlay\"><\/span><\/a><figcaption class=\"fg-caption\"><div class=\"fg-caption-inner\"><div class=\"fg-caption-title\">Tunnelmia avajaisista 27.6.<\/div><\/div><\/figcaption><\/figure><div class=\"fg-loader\"><\/div><\/div><div class=\"fg-item fg-type-image fg-idle\"><figure class=\"fg-item-inner\"><a href=\"https:\/\/nayttelyt.arshame.com\/kohtuus2020\/wp-content\/uploads\/2020\/07\/Avajaiset_2.jpg\" data-caption-title=\"Tunnelmia avajaisista 27.6.\" data-attachment-id=\"704\" class=\"foogallery-thumb fg-thumb\" data-type=\"image\"><span class=\"fg-image-wrap\"><img decoding=\"async\" title=\"Tunnelmia avajaisista 27.6.\" class=\"bf-img skip-lazy fg-image\" height=\"250\" width=\"250\" data-src-fg=\"https:\/\/nayttelyt.arshame.com\/kohtuus2020\/wp-content\/uploads\/cache\/2020\/07\/Avajaiset_2\/663913582.jpg\" src=\"data:image\/svg+xml,%3Csvg%20xmlns%3D%22http%3A%2F%2Fwww.w3.org%2F2000%2Fsvg%22%20width%3D%22250%22%20height%3D%22250%22%20viewBox%3D%220%200%20250%20250%22%3E%3C%2Fsvg%3E\" loading=\"eager\"><\/span><span class=\"fg-image-overlay\"><\/span><\/a><figcaption class=\"fg-caption\"><div class=\"fg-caption-inner\"><div class=\"fg-caption-title\">Tunnelmia avajaisista 27.6.<\/div><\/div><\/figcaption><\/figure><div class=\"fg-loader\"><\/div><\/div><div class=\"fg-item fg-type-image fg-idle\"><figure class=\"fg-item-inner\"><a href=\"https:\/\/nayttelyt.arshame.com\/kohtuus2020\/wp-content\/uploads\/2020\/07\/Avajaiset_3.jpg\" data-caption-title=\"Tunnelmia avajaisista 27.6.\" data-attachment-id=\"705\" class=\"foogallery-thumb fg-thumb\" data-type=\"image\"><span class=\"fg-image-wrap\"><img decoding=\"async\" title=\"Tunnelmia avajaisista 27.6.\" class=\"bf-img skip-lazy fg-image\" height=\"250\" width=\"250\" data-src-fg=\"https:\/\/nayttelyt.arshame.com\/kohtuus2020\/wp-content\/uploads\/cache\/2020\/07\/Avajaiset_3\/1283821032.jpg\" src=\"data:image\/svg+xml,%3Csvg%20xmlns%3D%22http%3A%2F%2Fwww.w3.org%2F2000%2Fsvg%22%20width%3D%22250%22%20height%3D%22250%22%20viewBox%3D%220%200%20250%20250%22%3E%3C%2Fsvg%3E\" loading=\"eager\"><\/span><span class=\"fg-image-overlay\"><\/span><\/a><figcaption class=\"fg-caption\"><div class=\"fg-caption-inner\"><div class=\"fg-caption-title\">Tunnelmia avajaisista 27.6.<\/div><\/div><\/figcaption><\/figure><div class=\"fg-loader\"><\/div><\/div><div class=\"fg-item fg-type-image fg-idle\"><figure class=\"fg-item-inner\"><a href=\"https:\/\/nayttelyt.arshame.com\/kohtuus2020\/wp-content\/uploads\/2020\/07\/Avajaiset_4.jpg\" data-caption-title=\"Tunnelmia avajaisista 27.6.\" data-attachment-id=\"706\" class=\"foogallery-thumb fg-thumb\" data-type=\"image\"><span class=\"fg-image-wrap\"><img decoding=\"async\" title=\"Tunnelmia avajaisista 27.6.\" class=\"bf-img skip-lazy fg-image\" height=\"250\" width=\"250\" data-src-fg=\"https:\/\/nayttelyt.arshame.com\/kohtuus2020\/wp-content\/uploads\/cache\/2020\/07\/Avajaiset_4\/1979095448.jpg\" src=\"data:image\/svg+xml,%3Csvg%20xmlns%3D%22http%3A%2F%2Fwww.w3.org%2F2000%2Fsvg%22%20width%3D%22250%22%20height%3D%22250%22%20viewBox%3D%220%200%20250%20250%22%3E%3C%2Fsvg%3E\" loading=\"eager\"><\/span><span class=\"fg-image-overlay\"><\/span><\/a><figcaption class=\"fg-caption\"><div class=\"fg-caption-inner\"><div class=\"fg-caption-title\">Tunnelmia avajaisista 27.6.<\/div><\/div><\/figcaption><\/figure><div class=\"fg-loader\"><\/div><\/div><div class=\"fg-item fg-type-image fg-idle\"><figure class=\"fg-item-inner\"><a href=\"https:\/\/nayttelyt.arshame.com\/kohtuus2020\/wp-content\/uploads\/2020\/07\/Avajaiset_5.jpg\" data-caption-title=\"Tunnelmia avajaisista 27.6.\" data-attachment-id=\"707\" class=\"foogallery-thumb fg-thumb\" data-type=\"image\"><span class=\"fg-image-wrap\"><img decoding=\"async\" title=\"Tunnelmia avajaisista 27.6.\" class=\"bf-img skip-lazy fg-image\" height=\"250\" width=\"250\" data-src-fg=\"https:\/\/nayttelyt.arshame.com\/kohtuus2020\/wp-content\/uploads\/cache\/2020\/07\/Avajaiset_5\/518098974.jpg\" src=\"data:image\/svg+xml,%3Csvg%20xmlns%3D%22http%3A%2F%2Fwww.w3.org%2F2000%2Fsvg%22%20width%3D%22250%22%20height%3D%22250%22%20viewBox%3D%220%200%20250%20250%22%3E%3C%2Fsvg%3E\" loading=\"eager\"><\/span><span class=\"fg-image-overlay\"><\/span><\/a><figcaption class=\"fg-caption\"><div class=\"fg-caption-inner\"><div class=\"fg-caption-title\">Tunnelmia avajaisista 27.6.<\/div><\/div><\/figcaption><\/figure><div class=\"fg-loader\"><\/div><\/div><div class=\"fg-item fg-type-image fg-idle\"><figure class=\"fg-item-inner\"><a href=\"https:\/\/nayttelyt.arshame.com\/kohtuus2020\/wp-content\/uploads\/2020\/07\/Avajaiset_6.jpg\" data-caption-title=\"Tunnelmia avajaisista 27.6.\" data-attachment-id=\"708\" class=\"foogallery-thumb fg-thumb\" data-type=\"image\"><span class=\"fg-image-wrap\"><img decoding=\"async\" title=\"Tunnelmia avajaisista 27.6.\" class=\"bf-img skip-lazy fg-image\" height=\"250\" width=\"250\" data-src-fg=\"https:\/\/nayttelyt.arshame.com\/kohtuus2020\/wp-content\/uploads\/cache\/2020\/07\/Avajaiset_6\/1828781872.jpg\" src=\"data:image\/svg+xml,%3Csvg%20xmlns%3D%22http%3A%2F%2Fwww.w3.org%2F2000%2Fsvg%22%20width%3D%22250%22%20height%3D%22250%22%20viewBox%3D%220%200%20250%20250%22%3E%3C%2Fsvg%3E\" loading=\"eager\"><\/span><span class=\"fg-image-overlay\"><\/span><\/a><figcaption class=\"fg-caption\"><div class=\"fg-caption-inner\"><div class=\"fg-caption-title\">Tunnelmia avajaisista 27.6.<\/div><\/div><\/figcaption><\/figure><div class=\"fg-loader\"><\/div><\/div><\/div>\n<p>&nbsp;<\/p>\n<p style=\"text-align: center;\"><strong>PICTURES OF ARTWORKS<br \/>\n<\/strong><\/p>\n<style type=\"text\/css\">\n#foogallery-gallery-694.fg-simple_portfolio { justify-content: center; --fg-gutter: 40px; }\n#foogallery-gallery-694.fg-simple_portfolio .fg-item { flex-basis: 250px; }<\/style>\n\t\t\t<div class=\"foogallery foogallery-container foogallery-simple_portfolio foogallery-lightbox-foobox fg-simple_portfolio fg-ready fg-light fg-shadow-outline fg-loading-default fg-loaded-fade-in fg-caption-always fg-hover-fade fg-hover-zoom fg-caption-always\" id=\"foogallery-gallery-694\" data-foogallery=\"{&quot;item&quot;:{&quot;showCaptionTitle&quot;:true,&quot;showCaptionDescription&quot;:true},&quot;lazy&quot;:true}\" style=\"--fg-title-line-clamp: 0; --fg-description-line-clamp: 0;\" >\n\t<div class=\"fg-item fg-type-image fg-idle\"><figure class=\"fg-item-inner\"><a href=\"https:\/\/nayttelyt.arshame.com\/kohtuus2020\/wp-content\/uploads\/2020\/06\/Jasmine-Roberts-Textiles-Grey-Man-filled-with-toilet-paper_web.jpg\" data-caption-title=\"Jasmine Roberts \u2013 Textile Grey Man filled with Toilet Paper, tekstili, vessapaperi, lanka, kone- ja k\u00e4sinkirjonta, 2019\" data-attachment-id=\"683\" class=\"foogallery-thumb fg-thumb\" data-type=\"image\"><span class=\"fg-image-wrap\"><img decoding=\"async\" title=\"Jasmine Roberts \u2013 Textile Grey Man filled with Toilet Paper, tekstili, vessapaperi, lanka, kone- ja k\u00e4sinkirjonta, 2019\" class=\"bf-img skip-lazy fg-image\" height=\"250\" width=\"250\" data-src-fg=\"https:\/\/nayttelyt.arshame.com\/kohtuus2020\/wp-content\/uploads\/cache\/2020\/06\/Jasmine-Roberts-Textiles-Grey-Man-filled-with-toilet-paper_web\/1307487237.jpg\" src=\"data:image\/svg+xml,%3Csvg%20xmlns%3D%22http%3A%2F%2Fwww.w3.org%2F2000%2Fsvg%22%20width%3D%22250%22%20height%3D%22250%22%20viewBox%3D%220%200%20250%20250%22%3E%3C%2Fsvg%3E\" loading=\"eager\"><\/span><span class=\"fg-image-overlay\"><\/span><\/a><figcaption class=\"fg-caption\"><div class=\"fg-caption-inner\"><div class=\"fg-caption-title\">Jasmine Roberts \u2013 Textile Grey Man filled with Toilet Paper, tekstili, vessapaperi, lanka, kone- ja k\u00e4sinkirjonta, 2019<\/div><\/div><\/figcaption><\/figure><div class=\"fg-loader\"><\/div><\/div><div class=\"fg-item fg-type-image fg-idle\"><figure class=\"fg-item-inner\"><a href=\"https:\/\/nayttelyt.arshame.com\/kohtuus2020\/wp-content\/uploads\/2020\/06\/Jasmine-Roberts-Ceramic-Grey-Area-Figure_web.jpg\" data-caption-title=\"Jasmine Roberts \u2013 Ceramic Grey Area Figure, savi, lasite, 2020\" data-attachment-id=\"682\" class=\"foogallery-thumb fg-thumb\" data-type=\"image\"><span class=\"fg-image-wrap\"><img decoding=\"async\" title=\"Jasmine Roberts \u2013 Ceramic Grey Area Figure, savi, lasite, 2020\" class=\"bf-img skip-lazy fg-image\" height=\"250\" width=\"250\" data-src-fg=\"https:\/\/nayttelyt.arshame.com\/kohtuus2020\/wp-content\/uploads\/cache\/2020\/06\/Jasmine-Roberts-Ceramic-Grey-Area-Figure_web\/933637419.jpg\" src=\"data:image\/svg+xml,%3Csvg%20xmlns%3D%22http%3A%2F%2Fwww.w3.org%2F2000%2Fsvg%22%20width%3D%22250%22%20height%3D%22250%22%20viewBox%3D%220%200%20250%20250%22%3E%3C%2Fsvg%3E\" loading=\"eager\"><\/span><span class=\"fg-image-overlay\"><\/span><\/a><figcaption class=\"fg-caption\"><div class=\"fg-caption-inner\"><div class=\"fg-caption-title\">Jasmine Roberts \u2013 Ceramic Grey Area Figure, savi, lasite, 2020<\/div><\/div><\/figcaption><\/figure><div class=\"fg-loader\"><\/div><\/div><div class=\"fg-item fg-type-image fg-idle\"><figure class=\"fg-item-inner\"><a href=\"https:\/\/nayttelyt.arshame.com\/kohtuus2020\/wp-content\/uploads\/2020\/06\/Talpsepp_Jaanisoo_Berit_DyingSlave1_web.jpg\" data-caption-title=\"Berit Talpsepp Jaanisoo \u2013 The Dying Slave, epoksihartsi, lasikuitu, valokuva, 215 x 70 x 80 cm, 2016\" data-attachment-id=\"678\" class=\"foogallery-thumb fg-thumb\" data-type=\"image\"><span class=\"fg-image-wrap\"><img decoding=\"async\" title=\"Berit Talpsepp Jaanisoo \u2013 The Dying Slave, epoksihartsi, lasikuitu, valokuva, 215 x 70 x 80 cm, 2016\" class=\"bf-img skip-lazy fg-image\" height=\"250\" width=\"250\" data-src-fg=\"https:\/\/nayttelyt.arshame.com\/kohtuus2020\/wp-content\/uploads\/cache\/2020\/06\/Talpsepp_Jaanisoo_Berit_DyingSlave1_web\/3138760344.jpg\" src=\"data:image\/svg+xml,%3Csvg%20xmlns%3D%22http%3A%2F%2Fwww.w3.org%2F2000%2Fsvg%22%20width%3D%22250%22%20height%3D%22250%22%20viewBox%3D%220%200%20250%20250%22%3E%3C%2Fsvg%3E\" loading=\"eager\"><\/span><span class=\"fg-image-overlay\"><\/span><\/a><figcaption class=\"fg-caption\"><div class=\"fg-caption-inner\"><div class=\"fg-caption-title\">Berit Talpsepp Jaanisoo \u2013 The Dying Slave, epoksihartsi, lasikuitu, valokuva, 215 x 70 x 80 cm, 2016<\/div><\/div><\/figcaption><\/figure><div class=\"fg-loader\"><\/div><\/div><div class=\"fg-item fg-type-image fg-idle\"><figure class=\"fg-item-inner\"><a href=\"https:\/\/nayttelyt.arshame.com\/kohtuus2020\/wp-content\/uploads\/2020\/06\/Talpsepp_Jaanisoo_Berit_Cleopatra-1b_web.jpg\" data-caption-title=\"Berit Talpsepp Jaanisoo \u2013 Cleopatra, epoksihartsi, lasikuitu, polyuretaani, puu, vaneri, messinki, turkoosi, 110 x 74 x 167 cm, 2018\" data-attachment-id=\"677\" class=\"foogallery-thumb fg-thumb\" data-type=\"image\"><span class=\"fg-image-wrap\"><img decoding=\"async\" title=\"Berit Talpsepp Jaanisoo \u2013 Cleopatra, epoksihartsi, lasikuitu, polyuretaani, puu, vaneri, messinki, turkoosi, 110 x 74 x 167 cm, 2018\" class=\"bf-img skip-lazy fg-image\" height=\"250\" width=\"250\" data-src-fg=\"https:\/\/nayttelyt.arshame.com\/kohtuus2020\/wp-content\/uploads\/cache\/2020\/06\/Talpsepp_Jaanisoo_Berit_Cleopatra-1b_web\/1030660402.jpg\" src=\"data:image\/svg+xml,%3Csvg%20xmlns%3D%22http%3A%2F%2Fwww.w3.org%2F2000%2Fsvg%22%20width%3D%22250%22%20height%3D%22250%22%20viewBox%3D%220%200%20250%20250%22%3E%3C%2Fsvg%3E\" loading=\"eager\"><\/span><span class=\"fg-image-overlay\"><\/span><\/a><figcaption class=\"fg-caption\"><div class=\"fg-caption-inner\"><div class=\"fg-caption-title\">Berit Talpsepp Jaanisoo \u2013 Cleopatra, epoksihartsi, lasikuitu, polyuretaani, puu, vaneri, messinki, turkoosi, 110 x 74 x 167 cm, 2018<\/div><\/div><\/figcaption><\/figure><div class=\"fg-loader\"><\/div><\/div><div class=\"fg-item fg-type-image fg-idle\"><figure class=\"fg-item-inner\"><a href=\"https:\/\/nayttelyt.arshame.com\/kohtuus2020\/wp-content\/uploads\/2020\/06\/Sariola4_web.jpg\" data-caption-title=\"Ilkka Sariola \u2013 Sarjasta Dies Irae Drawings, lyijykyn\u00e4 ja grafiitti paperille, 2019-2020\" data-attachment-id=\"671\" class=\"foogallery-thumb fg-thumb\" data-type=\"image\"><span class=\"fg-image-wrap\"><img decoding=\"async\" title=\"Ilkka Sariola \u2013 Sarjasta Dies Irae Drawings, lyijykyn\u00e4 ja grafiitti paperille, 2019-2020\" class=\"bf-img skip-lazy fg-image\" height=\"250\" width=\"250\" data-src-fg=\"https:\/\/nayttelyt.arshame.com\/kohtuus2020\/wp-content\/uploads\/cache\/2020\/06\/Sariola4_web\/2122159674.jpg\" src=\"data:image\/svg+xml,%3Csvg%20xmlns%3D%22http%3A%2F%2Fwww.w3.org%2F2000%2Fsvg%22%20width%3D%22250%22%20height%3D%22250%22%20viewBox%3D%220%200%20250%20250%22%3E%3C%2Fsvg%3E\" loading=\"eager\"><\/span><span class=\"fg-image-overlay\"><\/span><\/a><figcaption class=\"fg-caption\"><div class=\"fg-caption-inner\"><div class=\"fg-caption-title\">Ilkka Sariola \u2013 Sarjasta Dies Irae Drawings, lyijykyn\u00e4 ja grafiitti paperille, 2019-2020<\/div><\/div><\/figcaption><\/figure><div class=\"fg-loader\"><\/div><\/div><div class=\"fg-item fg-type-image fg-idle\"><figure class=\"fg-item-inner\"><a href=\"https:\/\/nayttelyt.arshame.com\/kohtuus2020\/wp-content\/uploads\/2020\/06\/Sariola1_web.jpg\" data-caption-title=\"Ilkka Sariola \u2013 Sarjasta Dies Irae Drawings, lyijykyn\u00e4 ja grafiitti paperille, 2019-2020\" data-attachment-id=\"670\" class=\"foogallery-thumb fg-thumb\" data-type=\"image\"><span class=\"fg-image-wrap\"><img decoding=\"async\" title=\"Ilkka Sariola \u2013 Sarjasta Dies Irae Drawings, lyijykyn\u00e4 ja grafiitti paperille, 2019-2020\" class=\"bf-img skip-lazy fg-image\" height=\"250\" width=\"250\" data-src-fg=\"https:\/\/nayttelyt.arshame.com\/kohtuus2020\/wp-content\/uploads\/cache\/2020\/06\/Sariola1_web\/4111844469.jpg\" src=\"data:image\/svg+xml,%3Csvg%20xmlns%3D%22http%3A%2F%2Fwww.w3.org%2F2000%2Fsvg%22%20width%3D%22250%22%20height%3D%22250%22%20viewBox%3D%220%200%20250%20250%22%3E%3C%2Fsvg%3E\" loading=\"eager\"><\/span><span class=\"fg-image-overlay\"><\/span><\/a><figcaption class=\"fg-caption\"><div class=\"fg-caption-inner\"><div class=\"fg-caption-title\">Ilkka Sariola \u2013 Sarjasta Dies Irae Drawings, lyijykyn\u00e4 ja grafiitti paperille, 2019-2020<\/div><\/div><\/figcaption><\/figure><div class=\"fg-loader\"><\/div><\/div><div class=\"fg-item fg-type-image fg-idle\"><figure class=\"fg-item-inner\"><a href=\"https:\/\/nayttelyt.arshame.com\/kohtuus2020\/wp-content\/uploads\/2020\/06\/Meilleur_The-Kiss_web.jpg\" data-caption-title=\"Thomas Meilleur \u2013 The Kiss, valokuva, 2020\" data-attachment-id=\"664\" class=\"foogallery-thumb fg-thumb\" data-type=\"image\"><span class=\"fg-image-wrap\"><img decoding=\"async\" title=\"Thomas Meilleur \u2013 The Kiss, valokuva, 2020\" class=\"bf-img skip-lazy fg-image\" height=\"250\" width=\"250\" data-src-fg=\"https:\/\/nayttelyt.arshame.com\/kohtuus2020\/wp-content\/uploads\/cache\/2020\/06\/Meilleur_The-Kiss_web\/3344129604.jpg\" src=\"data:image\/svg+xml,%3Csvg%20xmlns%3D%22http%3A%2F%2Fwww.w3.org%2F2000%2Fsvg%22%20width%3D%22250%22%20height%3D%22250%22%20viewBox%3D%220%200%20250%20250%22%3E%3C%2Fsvg%3E\" loading=\"eager\"><\/span><span class=\"fg-image-overlay\"><\/span><\/a><figcaption class=\"fg-caption\"><div class=\"fg-caption-inner\"><div class=\"fg-caption-title\">Thomas Meilleur \u2013 The Kiss, valokuva, 2020<\/div><\/div><\/figcaption><\/figure><div class=\"fg-loader\"><\/div><\/div><div class=\"fg-item fg-type-image fg-idle\"><figure class=\"fg-item-inner\"><a href=\"https:\/\/nayttelyt.arshame.com\/kohtuus2020\/wp-content\/uploads\/2020\/06\/Hallas_Aftermath-1_2020_web.jpg\" data-caption-title=\"Penny Hallas \u2013 Aftermath 1, v\u00e4rikyn\u00e4, lyijykyn\u00e4, hiili, liitu, 218 x 76 cm, 2020\" data-attachment-id=\"660\" class=\"foogallery-thumb fg-thumb\" data-type=\"image\"><span class=\"fg-image-wrap\"><img decoding=\"async\" title=\"Penny Hallas \u2013 Aftermath 1, v\u00e4rikyn\u00e4, lyijykyn\u00e4, hiili, liitu, 218 x 76 cm, 2020\" class=\"bf-img skip-lazy fg-image\" height=\"250\" width=\"250\" data-src-fg=\"https:\/\/nayttelyt.arshame.com\/kohtuus2020\/wp-content\/uploads\/cache\/2020\/06\/Hallas_Aftermath-1_2020_web\/970099624.jpg\" src=\"data:image\/svg+xml,%3Csvg%20xmlns%3D%22http%3A%2F%2Fwww.w3.org%2F2000%2Fsvg%22%20width%3D%22250%22%20height%3D%22250%22%20viewBox%3D%220%200%20250%20250%22%3E%3C%2Fsvg%3E\" loading=\"eager\"><\/span><span class=\"fg-image-overlay\"><\/span><\/a><figcaption class=\"fg-caption\"><div class=\"fg-caption-inner\"><div class=\"fg-caption-title\">Penny Hallas \u2013 Aftermath 1, v\u00e4rikyn\u00e4, lyijykyn\u00e4, hiili, liitu, 218 x 76 cm, 2020<\/div><\/div><\/figcaption><\/figure><div class=\"fg-loader\"><\/div><\/div><div class=\"fg-item fg-type-image fg-idle\"><figure class=\"fg-item-inner\"><a href=\"https:\/\/nayttelyt.arshame.com\/kohtuus2020\/wp-content\/uploads\/2020\/06\/Bonada_Lockdown_Horse_Web.jpg\" data-caption-title=\"Marja Bonada \u2013 Hevonen 1, tussi, 30 x 42 cm, 2020\" data-attachment-id=\"651\" class=\"foogallery-thumb fg-thumb\" data-type=\"image\"><span class=\"fg-image-wrap\"><img decoding=\"async\" title=\"Marja Bonada \u2013 Hevonen 1, tussi, 30 x 42 cm, 2020\" class=\"bf-img skip-lazy fg-image\" height=\"250\" width=\"250\" data-src-fg=\"https:\/\/nayttelyt.arshame.com\/kohtuus2020\/wp-content\/uploads\/cache\/2020\/06\/Bonada_Lockdown_Horse_Web\/2719605974.jpg\" src=\"data:image\/svg+xml,%3Csvg%20xmlns%3D%22http%3A%2F%2Fwww.w3.org%2F2000%2Fsvg%22%20width%3D%22250%22%20height%3D%22250%22%20viewBox%3D%220%200%20250%20250%22%3E%3C%2Fsvg%3E\" loading=\"eager\"><\/span><span class=\"fg-image-overlay\"><\/span><\/a><figcaption class=\"fg-caption\"><div class=\"fg-caption-inner\"><div class=\"fg-caption-title\">Marja Bonada \u2013 Hevonen 1, tussi, 30 x 42 cm, 2020<\/div><\/div><\/figcaption><\/figure><div class=\"fg-loader\"><\/div><\/div><div class=\"fg-item fg-type-image fg-idle\"><figure class=\"fg-item-inner\"><a href=\"https:\/\/nayttelyt.arshame.com\/kohtuus2020\/wp-content\/uploads\/2020\/06\/Bonada_Joutsen_Web.jpg\" data-caption-title=\"Marja Bonada \u2013 Joutsen, akryyli paperille, 223 x 150 cm, 2020\" data-attachment-id=\"650\" class=\"foogallery-thumb fg-thumb\" data-type=\"image\"><span class=\"fg-image-wrap\"><img decoding=\"async\" title=\"Marja Bonada \u2013 Joutsen, akryyli paperille, 223 x 150 cm, 2020\" class=\"bf-img skip-lazy fg-image\" height=\"250\" width=\"250\" data-src-fg=\"https:\/\/nayttelyt.arshame.com\/kohtuus2020\/wp-content\/uploads\/cache\/2020\/06\/Bonada_Joutsen_Web\/1686909729.jpg\" src=\"data:image\/svg+xml,%3Csvg%20xmlns%3D%22http%3A%2F%2Fwww.w3.org%2F2000%2Fsvg%22%20width%3D%22250%22%20height%3D%22250%22%20viewBox%3D%220%200%20250%20250%22%3E%3C%2Fsvg%3E\" loading=\"eager\"><\/span><span class=\"fg-image-overlay\"><\/span><\/a><figcaption class=\"fg-caption\"><div class=\"fg-caption-inner\"><div class=\"fg-caption-title\">Marja Bonada \u2013 Joutsen, akryyli paperille, 223 x 150 cm, 2020<\/div><\/div><\/figcaption><\/figure><div class=\"fg-loader\"><\/div><\/div><div class=\"fg-item fg-type-image fg-idle\"><figure class=\"fg-item-inner\"><a href=\"https:\/\/nayttelyt.arshame.com\/kohtuus2020\/wp-content\/uploads\/2020\/06\/Bonada_Hunt_Web.jpg\" data-caption-title=\"Marja Bonada \u2013 Mets\u00e4stys 2, tussi, 30 x 42 cm, 2020\" data-attachment-id=\"649\" class=\"foogallery-thumb fg-thumb\" data-type=\"image\"><span class=\"fg-image-wrap\"><img decoding=\"async\" title=\"Marja Bonada \u2013 Mets\u00e4stys 2, tussi, 30 x 42 cm, 2020\" class=\"bf-img skip-lazy fg-image\" height=\"250\" width=\"250\" data-src-fg=\"https:\/\/nayttelyt.arshame.com\/kohtuus2020\/wp-content\/uploads\/cache\/2020\/06\/Bonada_Hunt_Web\/1276950087.jpg\" src=\"data:image\/svg+xml,%3Csvg%20xmlns%3D%22http%3A%2F%2Fwww.w3.org%2F2000%2Fsvg%22%20width%3D%22250%22%20height%3D%22250%22%20viewBox%3D%220%200%20250%20250%22%3E%3C%2Fsvg%3E\" loading=\"eager\"><\/span><span class=\"fg-image-overlay\"><\/span><\/a><figcaption class=\"fg-caption\"><div class=\"fg-caption-inner\"><div class=\"fg-caption-title\">Marja Bonada \u2013 Mets\u00e4stys 2, tussi, 30 x 42 cm, 2020<\/div><\/div><\/figcaption><\/figure><div class=\"fg-loader\"><\/div><\/div><div class=\"fg-item fg-type-image fg-idle\"><figure class=\"fg-item-inner\"><a href=\"https:\/\/nayttelyt.arshame.com\/kohtuus2020\/wp-content\/uploads\/2020\/06\/Bonada_Horses_Web.jpg\" data-caption-title=\"Marja Bonada \u2013 2 Hevosta, tussi, 42 x 30 cm, 2020\" data-attachment-id=\"648\" class=\"foogallery-thumb fg-thumb\" data-type=\"image\"><span class=\"fg-image-wrap\"><img decoding=\"async\" title=\"Marja Bonada \u2013 2 Hevosta, tussi, 42 x 30 cm, 2020\" class=\"bf-img skip-lazy fg-image\" height=\"250\" width=\"250\" data-src-fg=\"https:\/\/nayttelyt.arshame.com\/kohtuus2020\/wp-content\/uploads\/cache\/2020\/06\/Bonada_Horses_Web\/2138573776.jpg\" src=\"data:image\/svg+xml,%3Csvg%20xmlns%3D%22http%3A%2F%2Fwww.w3.org%2F2000%2Fsvg%22%20width%3D%22250%22%20height%3D%22250%22%20viewBox%3D%220%200%20250%20250%22%3E%3C%2Fsvg%3E\" loading=\"eager\"><\/span><span class=\"fg-image-overlay\"><\/span><\/a><figcaption class=\"fg-caption\"><div class=\"fg-caption-inner\"><div class=\"fg-caption-title\">Marja Bonada \u2013 2 Hevosta, tussi, 42 x 30 cm, 2020<\/div><\/div><\/figcaption><\/figure><div class=\"fg-loader\"><\/div><\/div><div class=\"fg-item fg-type-image fg-idle\"><figure class=\"fg-item-inner\"><a href=\"https:\/\/nayttelyt.arshame.com\/kohtuus2020\/wp-content\/uploads\/2020\/06\/Bonada_Beast_Web.jpg\" data-caption-title=\"Marja Bonada \u2013 Mets\u00e4stys 1, tussi, 42 x 59 cm, 2020\" data-attachment-id=\"647\" class=\"foogallery-thumb fg-thumb\" data-type=\"image\"><span class=\"fg-image-wrap\"><img decoding=\"async\" title=\"Marja Bonada \u2013 Mets\u00e4stys 1, tussi, 42 x 59 cm, 2020\" class=\"bf-img skip-lazy fg-image\" height=\"250\" width=\"250\" data-src-fg=\"https:\/\/nayttelyt.arshame.com\/kohtuus2020\/wp-content\/uploads\/cache\/2020\/06\/Bonada_Beast_Web\/1831608709.jpg\" src=\"data:image\/svg+xml,%3Csvg%20xmlns%3D%22http%3A%2F%2Fwww.w3.org%2F2000%2Fsvg%22%20width%3D%22250%22%20height%3D%22250%22%20viewBox%3D%220%200%20250%20250%22%3E%3C%2Fsvg%3E\" loading=\"eager\"><\/span><span class=\"fg-image-overlay\"><\/span><\/a><figcaption class=\"fg-caption\"><div class=\"fg-caption-inner\"><div class=\"fg-caption-title\">Marja Bonada \u2013 Mets\u00e4stys 1, tussi, 42 x 59 cm, 2020<\/div><\/div><\/figcaption><\/figure><div class=\"fg-loader\"><\/div><\/div><div class=\"fg-item fg-type-image fg-idle\"><figure class=\"fg-item-inner\"><a href=\"https:\/\/nayttelyt.arshame.com\/kohtuus2020\/wp-content\/uploads\/2020\/06\/S\u00e4\u00e4ski_Juha_Street-view_web.jpg\" data-caption-title=\"Juha S\u00e4\u00e4ski \u2013 Katun\u00e4kym\u00e4, \u00f6ljy kankaalle, 70 x 115 cm, 2020\" data-attachment-id=\"675\" class=\"foogallery-thumb fg-thumb\" data-type=\"image\"><span class=\"fg-image-wrap\"><img decoding=\"async\" title=\"Juha S\u00e4\u00e4ski \u2013 Katun\u00e4kym\u00e4, \u00f6ljy kankaalle, 70 x 115 cm, 2020\" class=\"bf-img skip-lazy fg-image\" height=\"250\" width=\"250\" data-src-fg=\"https:\/\/nayttelyt.arshame.com\/kohtuus2020\/wp-content\/uploads\/cache\/2020\/06\/S\u00e4\u00e4ski_Juha_Street-view_web\/3087935178.jpg\" src=\"data:image\/svg+xml,%3Csvg%20xmlns%3D%22http%3A%2F%2Fwww.w3.org%2F2000%2Fsvg%22%20width%3D%22250%22%20height%3D%22250%22%20viewBox%3D%220%200%20250%20250%22%3E%3C%2Fsvg%3E\" loading=\"eager\"><\/span><span class=\"fg-image-overlay\"><\/span><\/a><figcaption class=\"fg-caption\"><div class=\"fg-caption-inner\"><div class=\"fg-caption-title\">Juha S\u00e4\u00e4ski \u2013 Katun\u00e4kym\u00e4, \u00f6ljy kankaalle, 70 x 115 cm, 2020<\/div><\/div><\/figcaption><\/figure><div class=\"fg-loader\"><\/div><\/div><div class=\"fg-item fg-type-image fg-idle\"><figure class=\"fg-item-inner\"><a href=\"https:\/\/nayttelyt.arshame.com\/kohtuus2020\/wp-content\/uploads\/2020\/03\/Pohjoisen-kaupungin-julkisessa-tilassa-\u00f6ljy-kankaalle-200-X-480-cm-2008-9.jpeg\" data-caption-title=\"Juha S\u00e4\u00e4ski \u2013 Pohjoisen kaupungin julkisessa tilassa, \u00f6ljy kankaalle, 200 x 480 cm, 2008-2009\" data-attachment-id=\"560\" class=\"foogallery-thumb fg-thumb\" data-type=\"image\"><span class=\"fg-image-wrap\"><img decoding=\"async\" title=\"Juha S\u00e4\u00e4ski \u2013 Pohjoisen kaupungin julkisessa tilassa, \u00f6ljy kankaalle, 200 x 480 cm, 2008-2009\" class=\"bf-img skip-lazy fg-image\" height=\"250\" width=\"250\" data-src-fg=\"https:\/\/nayttelyt.arshame.com\/kohtuus2020\/wp-content\/uploads\/cache\/2020\/03\/Pohjoisen-kaupungin-julkisessa-tilassa-\u00f6ljy-kankaalle-200-X-480-cm-2008-9\/971120146.jpeg\" src=\"data:image\/svg+xml,%3Csvg%20xmlns%3D%22http%3A%2F%2Fwww.w3.org%2F2000%2Fsvg%22%20width%3D%22250%22%20height%3D%22250%22%20viewBox%3D%220%200%20250%20250%22%3E%3C%2Fsvg%3E\" loading=\"eager\"><\/span><span class=\"fg-image-overlay\"><\/span><\/a><figcaption class=\"fg-caption\"><div class=\"fg-caption-inner\"><div class=\"fg-caption-title\">Juha S\u00e4\u00e4ski \u2013 Pohjoisen kaupungin julkisessa tilassa, \u00f6ljy kankaalle, 200 x 480 cm, 2008-2009<\/div><\/div><\/figcaption><\/figure><div class=\"fg-loader\"><\/div><\/div><div class=\"fg-item fg-type-image fg-idle\"><figure class=\"fg-item-inner\"><a href=\"https:\/\/nayttelyt.arshame.com\/kohtuus2020\/wp-content\/uploads\/2020\/03\/H\u00e4pe\u00e4llist\u00e4-6-\u00f6ljy-kankaalle-130-X-150-cm-2018-19.jpeg\" data-caption-title=\"Juha S\u00e4\u00e4ski \u2013 H\u00e4pe\u00e4llist\u00e4 6, \u00f6ljy kankaalle, 130 x 150 cm, 2018-19\" data-attachment-id=\"559\" class=\"foogallery-thumb fg-thumb\" data-type=\"image\"><span class=\"fg-image-wrap\"><img decoding=\"async\" title=\"Juha S\u00e4\u00e4ski \u2013 H\u00e4pe\u00e4llist\u00e4 6, \u00f6ljy kankaalle, 130 x 150 cm, 2018-19\" class=\"bf-img skip-lazy fg-image\" height=\"250\" width=\"250\" data-src-fg=\"https:\/\/nayttelyt.arshame.com\/kohtuus2020\/wp-content\/uploads\/cache\/2020\/03\/H\u00e4pe\u00e4llist\u00e4-6-\u00f6ljy-kankaalle-130-X-150-cm-2018-19\/596232228.jpeg\" src=\"data:image\/svg+xml,%3Csvg%20xmlns%3D%22http%3A%2F%2Fwww.w3.org%2F2000%2Fsvg%22%20width%3D%22250%22%20height%3D%22250%22%20viewBox%3D%220%200%20250%20250%22%3E%3C%2Fsvg%3E\" loading=\"eager\"><\/span><span class=\"fg-image-overlay\"><\/span><\/a><figcaption class=\"fg-caption\"><div class=\"fg-caption-inner\"><div class=\"fg-caption-title\">Juha S\u00e4\u00e4ski \u2013 H\u00e4pe\u00e4llist\u00e4 6, \u00f6ljy kankaalle, 130 x 150 cm, 2018-19<\/div><\/div><\/figcaption><\/figure><div class=\"fg-loader\"><\/div><\/div><div class=\"fg-item fg-type-image fg-idle\"><figure class=\"fg-item-inner\"><a href=\"https:\/\/nayttelyt.arshame.com\/kohtuus2020\/wp-content\/uploads\/2020\/06\/Powell_Jonathan_web.jpg\" data-caption-title=\"Jonathan Powell \u2013 When We Build Again: The Birth of Concrete (pys\u00e4ytyskuvia kuvitteellisesta abstraktista tieteiselokuvasta), \u00f6ljy kankaalle, n. 244 x 488 cm, 2020\" data-attachment-id=\"667\" class=\"foogallery-thumb fg-thumb\" data-type=\"image\"><span class=\"fg-image-wrap\"><img decoding=\"async\" title=\"Jonathan Powell \u2013 When We Build Again: The Birth of Concrete (pys\u00e4ytyskuvia kuvitteellisesta abstraktista tieteiselokuvasta), \u00f6ljy kankaalle, n. 244 x 488 cm, 2020\" class=\"bf-img skip-lazy fg-image\" height=\"250\" width=\"250\" data-src-fg=\"https:\/\/nayttelyt.arshame.com\/kohtuus2020\/wp-content\/uploads\/cache\/2020\/06\/Powell_Jonathan_web\/1323572313.jpg\" src=\"data:image\/svg+xml,%3Csvg%20xmlns%3D%22http%3A%2F%2Fwww.w3.org%2F2000%2Fsvg%22%20width%3D%22250%22%20height%3D%22250%22%20viewBox%3D%220%200%20250%20250%22%3E%3C%2Fsvg%3E\" loading=\"eager\"><\/span><span class=\"fg-image-overlay\"><\/span><\/a><figcaption class=\"fg-caption\"><div class=\"fg-caption-inner\"><div class=\"fg-caption-title\">Jonathan Powell \u2013 When We Build Again: The Birth of Concrete (pys\u00e4ytyskuvia kuvitteellisesta abstraktista tieteiselokuvasta), \u00f6ljy kankaalle, n. 244 x 488 cm, 2020<\/div><\/div><\/figcaption><\/figure><div class=\"fg-loader\"><\/div><\/div><div class=\"fg-item fg-type-image fg-idle\"><figure class=\"fg-item-inner\"><a href=\"https:\/\/nayttelyt.arshame.com\/kohtuus2020\/wp-content\/uploads\/2020\/07\/Powell_Jonathan_web_2.jpg\" data-caption-title=\"Jonathan Powell \u2013 When We Build Again: The Birth of Concrete (pys\u00e4ytyskuvia kuvitteellisesta abstraktista tieteiselokuvasta), \u00f6ljy kankaalle, n. 244 x 488 cm, 2020\" data-attachment-id=\"711\" class=\"foogallery-thumb fg-thumb\" data-type=\"image\"><span class=\"fg-image-wrap\"><img decoding=\"async\" title=\"Jonathan Powell \u2013 When We Build Again: The Birth of Concrete (pys\u00e4ytyskuvia kuvitteellisesta abstraktista tieteiselokuvasta), \u00f6ljy kankaalle, n. 244 x 488 cm, 2020\" class=\"bf-img skip-lazy fg-image\" height=\"250\" width=\"250\" data-src-fg=\"https:\/\/nayttelyt.arshame.com\/kohtuus2020\/wp-content\/uploads\/cache\/2020\/07\/Powell_Jonathan_web_2\/3914272427.jpg\" src=\"data:image\/svg+xml,%3Csvg%20xmlns%3D%22http%3A%2F%2Fwww.w3.org%2F2000%2Fsvg%22%20width%3D%22250%22%20height%3D%22250%22%20viewBox%3D%220%200%20250%20250%22%3E%3C%2Fsvg%3E\" loading=\"eager\"><\/span><span class=\"fg-image-overlay\"><\/span><\/a><figcaption class=\"fg-caption\"><div class=\"fg-caption-inner\"><div class=\"fg-caption-title\">Jonathan Powell \u2013 When We Build Again: The Birth of Concrete (pys\u00e4ytyskuvia kuvitteellisesta abstraktista tieteiselokuvasta), \u00f6ljy kankaalle, n. 244 x 488 cm, 2020<\/div><\/div><\/figcaption><\/figure><div class=\"fg-loader\"><\/div><\/div><\/div>\n","protected":false},"excerpt":{"rendered":"<p>PICTURES OF OPENING CEREMONY &nbsp; PICTURES OF ARTWORKS<\/p>\n","protected":false},"author":1,"featured_media":0,"parent":0,"menu_order":0,"comment_status":"closed","ping_status":"closed","template":"template-fullwidth.php","meta":{"footnotes":""},"class_list":["post-206","page","type-page","status-publish","hentry"],"translation":{"provider":"WPGlobus","version":"3.0.2","language":"en","enabled_languages":["fi","en"],"languages":{"fi":{"title":true,"content":true,"excerpt":false},"en":{"title":true,"content":true,"excerpt":false}}},"_links":{"self":[{"href":"https:\/\/nayttelyt.arshame.com\/kohtuus2020\/en\/wp-json\/wp\/v2\/pages\/206","targetHints":{"allow":["GET"]}}],"collection":[{"href":"https:\/\/nayttelyt.arshame.com\/kohtuus2020\/en\/wp-json\/wp\/v2\/pages"}],"about":[{"href":"https:\/\/nayttelyt.arshame.com\/kohtuus2020\/en\/wp-json\/wp\/v2\/types\/page"}],"author":[{"embeddable":true,"href":"https:\/\/nayttelyt.arshame.com\/kohtuus2020\/en\/wp-json\/wp\/v2\/users\/1"}],"replies":[{"embeddable":true,"href":"https:\/\/nayttelyt.arshame.com\/kohtuus2020\/en\/wp-json\/wp\/v2\/comments?post=206"}],"version-history":[{"count":51,"href":"https:\/\/nayttelyt.arshame.com\/kohtuus2020\/en\/wp-json\/wp\/v2\/pages\/206\/revisions"}],"predecessor-version":[{"id":718,"href":"https:\/\/nayttelyt.arshame.com\/kohtuus2020\/en\/wp-json\/wp\/v2\/pages\/206\/revisions\/718"}],"wp:attachment":[{"href":"https:\/\/nayttelyt.arshame.com\/kohtuus2020\/en\/wp-json\/wp\/v2\/media?parent=206"}],"curies":[{"name":"wp","href":"https:\/\/api.w.org\/{rel}","templated":true}]}}